{"id":249,"date":"2021-05-03T00:43:54","date_gmt":"2021-05-02T21:43:54","guid":{"rendered":"http:\/\/gazisehirdis.com\/?page_id=249"},"modified":"2021-05-03T00:49:34","modified_gmt":"2021-05-02T21:49:34","slug":"kanal-tedavisi-2-3-3-2-2","status":"publish","type":"page","link":"https:\/\/gazisehirdis.com\/index.php\/kanal-tedavisi-2-3-3-2-2\/","title":{"rendered":"Protez Di\u015fler"},"content":{"rendered":"\t\t<div data-elementor-type=\"wp-page\" data-elementor-id=\"249\" class=\"elementor elementor-249\" data-elementor-settings=\"[]\">\n\t\t\t\t\t\t<div class=\"elementor-inner\">\n\t\t\t\t\t\t\t<div class=\"elementor-section-wrap\">\n\t\t\t\t\t\t\t<section class=\"elementor-section elementor-top-section elementor-element elementor-element-0c374b2 elementor-section-full_width elementor-section-height-default elementor-section-height-default\" data-id=\"0c374b2\" data-element_type=\"section\">\n\t\t\t\t\t\t<div class=\"elementor-container elementor-column-gap-default\">\n\t\t\t\t\t\t\t<div class=\"elementor-row\">\n\t\t\t\t\t<div class=\"elementor-column elementor-col-100 elementor-top-column elementor-element elementor-element-a652b45\" data-id=\"a652b45\" data-element_type=\"column\">\n\t\t\t<div class=\"elementor-column-wrap elementor-element-populated\">\n\t\t\t\t\t\t\t<div class=\"elementor-widget-wrap\">\n\t\t\t\t\t\t<div class=\"elementor-element elementor-element-27833b1 elementor-widget elementor-widget-heading\" data-id=\"27833b1\" data-element_type=\"widget\" data-widget_type=\"heading.default\">\n\t\t\t\t<div class=\"elementor-widget-container\">\n\t\t\t<h1 class=\"elementor-heading-title elementor-size-medium\">Protez Di\u015fler<\/h1>\t\t<\/div>\n\t\t\t\t<\/div>\n\t\t\t\t<div class=\"elementor-element elementor-element-5ad979b elementor-widget elementor-widget-heading\" data-id=\"5ad979b\" data-element_type=\"widget\" data-widget_type=\"heading.default\">\n\t\t\t\t<div class=\"elementor-widget-container\">\n\t\t\t<h2 class=\"elementor-heading-title elementor-size-small\">Protez di\u015fler, hastan\u0131n \u00e7e\u015fitli nedenlerden dolay\u0131 kaybetti\u011fi di\u015flerinin yerine yapay materyaller ile haz\u0131rlanan yapay di\u015flerdir. Protez di\u015f uygulamas\u0131 ile hastan\u0131n hem estetik g\u00f6r\u00fcn\u00fc\u015f\u00fc korunmu\u015f olur hem de di\u015flerin \u00e7i\u011fneme ve konu\u015fma gibi fonksiyonlardaki i\u015flevini s\u00fcrd\u00fcrmesi sa\u011flan\u0131r. Protez di\u015f uygulamalar\u0131 di\u015f eti hastal\u0131klar\u0131n\u0131n tedavi edilmemesi veya tedavi i\u00e7in \u00e7ok ge\u00e7 kal\u0131nm\u0131\u015f oldu\u011fu durumlarda hastada olu\u015fan di\u015f ve kemik kayb\u0131n\u0131n sonucu olarak yap\u0131lmaktad\u0131r.<br><br>A\u011f\u0131z sa\u011fl\u0131\u011f\u0131na yeteri kadar \u00f6nem vermeyen bireylerin sa\u011fl\u0131kl\u0131 ve do\u011fal di\u015flerini kaybetmeleri onlar\u0131n g\u00fcndelik ya\u015famlar\u0131n\u0131 da olumsuz y\u00f6nde etkiler. Konu\u015fma ve yemek yerken \u00e7i\u011fneme fonksiyonlar\u0131nda \u00e7ok \u00f6nemli bir yeri olan di\u015flerin hastaya yeniden kazand\u0131r\u0131lmas\u0131 \u00f6nemlidir. Kaybedilen di\u015fleri sonucunda hasta estetik g\u00f6r\u00fcnt\u00fc a\u00e7\u0131s\u0131ndan da s\u0131k\u0131nt\u0131lar ya\u015fayabilir. Ki\u015finin d\u0131\u015f g\u00f6r\u00fcn\u00fc\u015f\u00fcndeki bu bozulma onun kendisine olan g\u00fcvenini zedeler.<\/h2>\t\t<\/div>\n\t\t\t\t<\/div>\n\t\t\t\t\t\t<\/div>\n\t\t\t\t\t<\/div>\n\t\t<\/div>\n\t\t\t\t\t\t\t\t<\/div>\n\t\t\t\t\t<\/div>\n\t\t<\/section>\n\t\t\t\t<section class=\"elementor-section elementor-top-section elementor-element elementor-element-57e5cb7 elementor-section-full_width elementor-section-height-default elementor-section-height-default\" data-id=\"57e5cb7\" data-element_type=\"section\">\n\t\t\t\t\t\t<div class=\"elementor-container elementor-column-gap-default\">\n\t\t\t\t\t\t\t<div class=\"elementor-row\">\n\t\t\t\t\t<div class=\"elementor-column elementor-col-100 elementor-top-column elementor-element elementor-element-9d9d4b9\" data-id=\"9d9d4b9\" data-element_type=\"column\">\n\t\t\t<div class=\"elementor-column-wrap elementor-element-populated\">\n\t\t\t\t\t\t\t<div class=\"elementor-widget-wrap\">\n\t\t\t\t\t\t<div class=\"elementor-element elementor-element-d59d6b9 elementor-widget elementor-widget-heading\" data-id=\"d59d6b9\" data-element_type=\"widget\" data-widget_type=\"heading.default\">\n\t\t\t\t<div class=\"elementor-widget-container\">\n\t\t\t<h2 class=\"elementor-heading-title elementor-size-medium\">Protez Di\u015flerin Kullan\u0131m\u0131 ve \u00c7e\u015fitleri<\/h2>\t\t<\/div>\n\t\t\t\t<\/div>\n\t\t\t\t<div class=\"elementor-element elementor-element-d98a93b elementor-widget elementor-widget-heading\" data-id=\"d98a93b\" data-element_type=\"widget\" data-widget_type=\"heading.default\">\n\t\t\t\t<div class=\"elementor-widget-container\">\n\t\t\t<h2 class=\"elementor-heading-title elementor-size-small\">Protez di\u015fler amac\u0131na uygun olarak ve ki\u015filerin taleplerine g\u00f6re de\u011fi\u015fik \u015fekillerde kullan\u0131labilir. Protez di\u015f \u00e7e\u015fitlerini s\u0131ralamak gerekirse; sabit protez di\u015fler, hareketli protez di\u015fler ve implant \u00fcst\u00fc protez di\u015fler \u015feklindedir.<\/h2>\t\t<\/div>\n\t\t\t\t<\/div>\n\t\t\t\t<div class=\"elementor-element elementor-element-77191e0 elementor-widget elementor-widget-heading\" data-id=\"77191e0\" data-element_type=\"widget\" data-widget_type=\"heading.default\">\n\t\t\t\t<div class=\"elementor-widget-container\">\n\t\t\t<h2 class=\"elementor-heading-title elementor-size-small\">Sabit Protezler<\/h2>\t\t<\/div>\n\t\t\t\t<\/div>\n\t\t\t\t<div class=\"elementor-element elementor-element-2da9837 elementor-widget elementor-widget-heading\" data-id=\"2da9837\" data-element_type=\"widget\" data-widget_type=\"heading.default\">\n\t\t\t\t<div class=\"elementor-widget-container\">\n\t\t\t<h2 class=\"elementor-heading-title elementor-size-small\">Bu protezleri hastalar kendileri istedikleri zaman \u00e7\u0131kar\u0131p takamazlar. Sabit protezler \u00e7eneye kron-k\u00f6pr\u00fc gibi yap\u0131\u015ft\u0131r\u0131larak uygulanan protez \u00e7e\u015fididir. Bu protezin yenilenmesi, \u00e7\u0131kar\u0131lmas\u0131 i\u015flemlerini di\u015f hekimleri yapabilir.<\/h2>\t\t<\/div>\n\t\t\t\t<\/div>\n\t\t\t\t<div class=\"elementor-element elementor-element-902a240 elementor-widget elementor-widget-heading\" data-id=\"902a240\" data-element_type=\"widget\" data-widget_type=\"heading.default\">\n\t\t\t\t<div class=\"elementor-widget-container\">\n\t\t\t<h2 class=\"elementor-heading-title elementor-size-small\">Hareketli Protezler<\/h2>\t\t<\/div>\n\t\t\t\t<\/div>\n\t\t\t\t<div class=\"elementor-element elementor-element-e1d0f79 elementor-widget elementor-widget-heading\" data-id=\"e1d0f79\" data-element_type=\"widget\" data-widget_type=\"heading.default\">\n\t\t\t\t<div class=\"elementor-widget-container\">\n\t\t\t<h2 class=\"elementor-heading-title elementor-size-small\">Hasta bu protezleri kendisi istedi\u011fi zaman \u00e7\u0131kar\u0131p takabilir. A\u011f\u0131zdaki t\u00fcm di\u015flerin kaybedildi\u011fi durumlarla yo\u011funlukla uygulanmaktad\u0131r. Ya\u015fl\u0131larda hareketli protez kullan\u0131m\u0131 yo\u011fun bir \u015fekilde g\u00f6r\u00fclmektedir.<br><br>Hareketli protezler \u00fcst ve altta olmak \u00fczere iki par\u00e7adan olu\u015fmaktad\u0131r.<br><br>A\u011f\u0131zdaki eksik olan bir ka\u00e7 di\u015fin yerine uygulanan ba\u015fka bir hareketli protez \u00e7e\u015fidi de vard\u0131r. Bu tip uygulamada protez di\u015flere  t\u0131rnak ve kanca gibi tutturucularla sabitlenirler.\n<\/h2>\t\t<\/div>\n\t\t\t\t<\/div>\n\t\t\t\t<div class=\"elementor-element elementor-element-b001c94 elementor-widget elementor-widget-heading\" data-id=\"b001c94\" data-element_type=\"widget\" data-widget_type=\"heading.default\">\n\t\t\t\t<div class=\"elementor-widget-container\">\n\t\t\t<h2 class=\"elementor-heading-title elementor-size-small\">\u0130mplant \u00dcst\u00fc Protezler<\/h2>\t\t<\/div>\n\t\t\t\t<\/div>\n\t\t\t\t<div class=\"elementor-element elementor-element-ebe85d9 elementor-widget elementor-widget-heading\" data-id=\"ebe85d9\" data-element_type=\"widget\" data-widget_type=\"heading.default\">\n\t\t\t\t<div class=\"elementor-widget-container\">\n\t\t\t<h2 class=\"elementor-heading-title elementor-size-small\">Bu tarz protezler sabit ve hareketli olmak \u00fczere ikiye ayr\u0131l\u0131r. Sabit olanlar\u0131nda implanttan destek al\u0131narak yap\u0131lan kron veya k\u00f6pr\u00fclerdir. Hareketli olanlar\u0131nda ise kemiklerin yetersiz oldu\u011fu durumlarda implanttan destek al\u0131narak yap\u0131lan protezlerdir.<\/h2>\t\t<\/div>\n\t\t\t\t<\/div>\n\t\t\t\t<div class=\"elementor-element elementor-element-de94f84 elementor-widget elementor-widget-heading\" data-id=\"de94f84\" data-element_type=\"widget\" data-widget_type=\"heading.default\">\n\t\t\t\t<div class=\"elementor-widget-container\">\n\t\t\t<h2 class=\"elementor-heading-title elementor-size-small\">Laminate Kaplamalar<\/h2>\t\t<\/div>\n\t\t\t\t<\/div>\n\t\t\t\t<div class=\"elementor-element elementor-element-b1b42de elementor-widget elementor-widget-heading\" data-id=\"b1b42de\" data-element_type=\"widget\" data-widget_type=\"heading.default\">\n\t\t\t\t<div class=\"elementor-widget-container\">\n\t\t\t<h2 class=\"elementor-heading-title elementor-size-small\">Laminat kaplama yaprak porselen de denilen laminate estetik sorunlar\u0131 olan \u00f6n di\u015flerde, porselenden haz\u0131rlanan tabakan\u0131n di\u015flerin \u00f6n y\u00fczeylerine yap\u0131\u015ft\u0131r\u0131lmas\u0131 ile yap\u0131lan estetik bir uygulamad\u0131r.<br><br>Porselenden yap\u0131lan kaplamalar ince, yar\u0131 ge\u00e7irgen bir tabakad\u0131r. Mevcut bir di\u015f \u00fczerine uyum ve hassasiyetle haz\u0131rlan\u0131p yerle\u015ftirilir. \u00c7ok ince olmalar\u0131 ve metal i\u00e7ermemeleri sebebi ile estetik olarak \u00e7ok ba\u015far\u0131l\u0131d\u0131r.<\/h2>\t\t<\/div>\n\t\t\t\t<\/div>\n\t\t\t\t<div class=\"elementor-element elementor-element-e42044c elementor-widget elementor-widget-heading\" data-id=\"e42044c\" data-element_type=\"widget\" data-widget_type=\"heading.default\">\n\t\t\t\t<div class=\"elementor-widget-container\">\n\t\t\t<h2 class=\"elementor-heading-title elementor-size-small\">Zirkonyum Destekli Porselen<\/h2>\t\t<\/div>\n\t\t\t\t<\/div>\n\t\t\t\t<div class=\"elementor-element elementor-element-8ba5b81 elementor-widget elementor-widget-heading\" data-id=\"8ba5b81\" data-element_type=\"widget\" data-widget_type=\"heading.default\">\n\t\t\t\t<div class=\"elementor-widget-container\">\n\t\t\t<h2 class=\"elementor-heading-title elementor-size-small\">Zirkonyum destekli porselen kaplamalar alt yap\u0131 olarak metal yerine beyaz renge sahip olan zirkonyum ala\u015f\u0131m kullan\u0131lan porselenlerdir.<br><br>Do\u011fal di\u015fe \u00e7ok yak\u0131n estetik g\u00f6r\u00fcn\u00fcme sahiptir. Metal destekli porselenlere g\u00f6re daha estetiktir.I\u015f\u0131\u011f\u0131 yans\u0131t\u0131r ve alt yap\u0131 olarak beyaz renkli ala\u015f\u0131m kullan\u0131ld\u0131\u011f\u0131 i\u00e7in di\u015f eti hizas\u0131nda koyu renkli hat olu\u015fturmaz. \u0130nsan v\u00fccudu ile %100 uyumludur ve alerji yapmaz<\/h2>\t\t<\/div>\n\t\t\t\t<\/div>\n\t\t\t\t<div class=\"elementor-element elementor-element-5d5db2f elementor-widget elementor-widget-heading\" data-id=\"5d5db2f\" data-element_type=\"widget\" data-widget_type=\"heading.default\">\n\t\t\t\t<div class=\"elementor-widget-container\">\n\t\t\t<h2 class=\"elementor-heading-title elementor-size-small\">Full Porselen Kaplamalar (Empress)<\/h2>\t\t<\/div>\n\t\t\t\t<\/div>\n\t\t\t\t<div class=\"elementor-element elementor-element-286f135 elementor-widget elementor-widget-heading\" data-id=\"286f135\" data-element_type=\"widget\" data-widget_type=\"heading.default\">\n\t\t\t\t<div class=\"elementor-widget-container\">\n\t\t\t<h2 class=\"elementor-heading-title elementor-size-small\">G\u00fc\u00e7lendirilmi\u015f porselenden yap\u0131l\u0131rlar. Ad\u0131ndan da anla\u015f\u0131ld\u0131\u011f\u0131 gibi alt yap\u0131da metal ya da herhangi bir ba\u015fka madde kullan\u0131lmamaktad\u0131r.<br><br>Di\u011fer porselen kaplamalara oranla daha y\u00fcksek maliyete sahip olan full porselen kaplamalar do\u011fal di\u015fe en yak\u0131n estetik g\u00f6r\u00fcn\u00fcme sahiptirler.<\/h2>\t\t<\/div>\n\t\t\t\t<\/div>\n\t\t\t\t\t\t<\/div>\n\t\t\t\t\t<\/div>\n\t\t<\/div>\n\t\t\t\t\t\t\t\t<\/div>\n\t\t\t\t\t<\/div>\n\t\t<\/section>\n\t\t\t\t\t\t<\/div>\n\t\t\t\t\t\t<\/div>\n\t\t\t\t\t<\/div>\n\t\t","protected":false},"excerpt":{"rendered":"<p>Protez Di\u015fler Protez di\u015fler, hastan\u0131n \u00e7e\u015fitli nedenlerden dolay\u0131 kaybetti\u011fi di\u015flerinin yerine yapay materyaller ile haz\u0131rlanan yapay di\u015flerdir. Protez di\u015f uygulamas\u0131<\/p>\n","protected":false},"author":1,"featured_media":0,"parent":0,"menu_order":0,"comment_status":"closed","ping_status":"closed","template":"","meta":{"_joinchat":[],"footnotes":""},"class_list":["post-249","page","type-page","status-publish","hentry"],"_links":{"self":[{"href":"https:\/\/gazisehirdis.com\/index.php\/wp-json\/wp\/v2\/pages\/249","targetHints":{"allow":["GET"]}}],"collection":[{"href":"https:\/\/gazisehirdis.com\/index.php\/wp-json\/wp\/v2\/pages"}],"about":[{"href":"https:\/\/gazisehirdis.com\/index.php\/wp-json\/wp\/v2\/types\/page"}],"author":[{"embeddable":true,"href":"https:\/\/gazisehirdis.com\/index.php\/wp-json\/wp\/v2\/users\/1"}],"replies":[{"embeddable":true,"href":"https:\/\/gazisehirdis.com\/index.php\/wp-json\/wp\/v2\/comments?post=249"}],"version-history":[{"count":4,"href":"https:\/\/gazisehirdis.com\/index.php\/wp-json\/wp\/v2\/pages\/249\/revisions"}],"predecessor-version":[{"id":253,"href":"https:\/\/gazisehirdis.com\/index.php\/wp-json\/wp\/v2\/pages\/249\/revisions\/253"}],"wp:attachment":[{"href":"https:\/\/gazisehirdis.com\/index.php\/wp-json\/wp\/v2\/media?parent=249"}],"curies":[{"name":"wp","href":"https:\/\/api.w.org\/{rel}","templated":true}]}}